{"id":12,"date":"2018-05-02T12:44:52","date_gmt":"2018-05-02T12:44:52","guid":{"rendered":"http:\/\/artpsycho.com\/?page_id=12"},"modified":"2018-05-23T21:38:22","modified_gmt":"2018-05-23T21:38:22","slug":"approche","status":"publish","type":"page","link":"https:\/\/artpsycho.com\/?page_id=12","title":{"rendered":"Approche th\u00e9rapeutique"},"content":{"rendered":"<p>&#8211; <a href=\"https:\/\/artpsycho.com\/arts-psychotherapie\">Psychoth\u00e9rapie \u00e0 m\u00e9diation artistique<\/a><br \/>\n&#8211; Art-th\u00e9rapie<br \/>\n&#8211; Psychoth\u00e9rapie verbale<br \/>\n&#8211; <a href=\"https:\/\/artpsycho.com\/gata\">GATA<\/a><br \/>\n&#8211; <a href=\"https:\/\/artpsycho.com\/supervisions\">Supervision<\/a><\/p>\n<h3>Conception de l&rsquo;accompagnement psychoth\u00e9rapeutique<\/h3>\n<p>Au service d\u2019autrui et respectueuse de l\u2019individu dans sa dimension psychique, mon approche clinique en psychologie et en art-th\u00e9rapie se r\u00e9f\u00e8re \u00e0 la psychanalyse. Elle repose sur une conception dynamique de la personne et s\u2019int\u00e9resse aux conduites de l\u2019individu dans son fonctionnement global tant du point de vue psychique que comportemental.<\/p>\n<div id=\"carousel-approche\" class=\"carousel slide\" data-ride=\"carousel\">\n<div class=\"carousel-inner\" role=\"listbox\">\n<div class=\"item active\"><img decoding=\"async\" src=\"https:\/\/artpsycho.com\/wp-content\/uploads\/2018\/05\/Page-_Approche_1-e1526648407120.jpg\" alt=\"...\" \/><\/div>\n<div class=\"item\"><img decoding=\"async\" src=\"https:\/\/artpsycho.com\/wp-content\/uploads\/2018\/05\/Page-_Approche_2-e1526648407515.jpg\" alt=\"...\" \/><\/div>\n<div class=\"item\"><img decoding=\"async\" src=\"https:\/\/artpsycho.com\/wp-content\/uploads\/2018\/05\/Page-_Approche_3-e1526648409202.jpg\" alt=\"...\" \/><\/div>\n<div class=\"item\"><img decoding=\"async\" src=\"https:\/\/artpsycho.com\/wp-content\/uploads\/2018\/05\/Page-_Approche_4-e1526648409981.jpg\" alt=\"...\" \/><\/div>\n<div class=\"item\"><img decoding=\"async\" src=\"https:\/\/artpsycho.com\/wp-content\/uploads\/2018\/05\/Page-_Approche_5-e1526648410825.jpg\" alt=\"...\" \/><\/div>\n<\/div>\n<\/div>\n<h3>Face aux difficult\u00e9s<\/h3>\n<p>Tout \u00eatre humain (enfant, adolescent, adulte) doit faire face \u00e0 des conflits et des crises au long de sa vie qu\u2019il va chercher \u00e0 r\u00e9soudre par n\u00e9cessit\u00e9 d\u2019adaptation. Dans sa confrontation \u00e0 des situations difficiles (familiale, conjugale, professionnelle, sociale, scolaire, etc\u2026), porteuses de conflits, l\u2019individu adopte des solutions plus ou moins efficaces et co\u00fbteuses psychiquement. Aborder les difficult\u00e9s que vit la personne dans sa fa\u00e7on de n\u00e9gocier son rapport \u00e0 la r\u00e9alit\u00e9 et l\u2019aider \u00e0 comprendre sa propre position face \u00e0 des situations conflictuelles est le but de la prise en charge psychoth\u00e9rapeutique et du soutien psychologique.<\/p>\n<h3>Approcher ce qui fait probl\u00e8me<\/h3>\n<p>Pour approcher la situation qui fait probl\u00e8me et la comprendre, il s\u2019agit d\u2019appr\u00e9hender la personne dans sa totalit\u00e9, c\u2019est \u00e0 dire \u00e0 la lumi\u00e8re de son histoire personnelle et de son environnement. En effet, le pr\u00e9sent ne peut \u00eatre saisi que dans la continuit\u00e9 d\u2019un devenir ant\u00e9rieur et d\u2019exp\u00e9riences v\u00e9cues auxquelles se r\u00e9f\u00e8re de fa\u00e7on consciente et inconsciente la personne pour r\u00e9soudre ses conflits. C\u2019est la raison pour laquelle mon approche, en r\u00e9f\u00e9rence \u00e0 la psychanalyse, prend en compte la dimension inconsciente de la vie psychique et son influence sur les conduites individuelles.<\/p>\n<h3>Objectifs th\u00e9rapeutiques<\/h3>\n<p>Dans sa vis\u00e9e, la prise en charge cherche \u00e0 aider \u00e0 \u00e9valuer une situation personnelle, \u00e0 am\u00e9liorer les relations interpersonnelles, \u00e0 favoriser les capacit\u00e9s d\u2019\u00e9volution de l\u2019individu, \u00e0 ouvrir \u00e0 la dimension cr\u00e9ative de la personne.<\/p>\n<h3>La m\u00e9thode<\/h3>\n<p>Les m\u00e9thodes \u00e0 disposition sont vari\u00e9es. Elles sont principalement centr\u00e9es sur l\u2019\u00e9coute et l\u2019\u00e9change. L\u2019art-th\u00e9rapie et la th\u00e9rapie \u00e0 m\u00e9diation artistique (dessin, peinture, collage, modelage) constituent une sp\u00e9cificit\u00e9 offerte \u00e0 des personnes (enfants, adolescents, adultes) dans un but de soin, de soutien, de pr\u00e9vention et de d\u00e9veloppement personnel par l\u2019utilisation d\u2019une activit\u00e9 \u00e0 caract\u00e8re artistique au sein d\u2019une relation th\u00e9rapeutique.<\/p>\n<h3>D\u00e9couvrir sa cr\u00e9ativit\u00e9<\/h3>\n<p>Au-del\u00e0 de son action th\u00e9rapeutique qui vise \u00e0 l\u2019\u00e9laboration et l\u2019\u00e9lucidation des conflits gr\u00e2ce \u00e0 une activit\u00e9 artistique coupl\u00e9e au travail de verbalisation et de symbolisation des affects, c\u2019est un espace de d\u00e9couverte de sa cr\u00e9ativit\u00e9 que je propose, une incitation \u00e0 faire fonctionner son imaginaire, une ouverture au plaisir de jouer, d\u2019inventer et de mettre en forme ses \u00e9motions par les formes et les couleurs, en changeant son regard sur soi-m\u00eame et les autres.<\/p>\n<h3><a href=\"https:\/\/artpsycho.com\/affiliations\">D\u00e9ontologie<\/a><\/h3>\n<p>Mon approche est r\u00e9gie par le code de d\u00e9ontologie des psychologues et par l&rsquo;obligation \u00e9thique d&rsquo;\u00eatre enregistr\u00e9 r\u00e9guli\u00e8rement aupr\u00e8s d&rsquo;un organisme officiel de contr\u00f4le en tant que psychologue.<\/p>\n<h4><a href=\"http:\/\/www.codededeontologiedespsychologues.fr\/LE-CODE.html\">lien vers le CODE DE DEONTOLOGIE DES PSYCHOLOGUES<\/a><\/h4>\n","protected":false},"excerpt":{"rendered":"<p>&#8211; Psychoth\u00e9rapie \u00e0 m\u00e9diation artistique &#8211; Art-th\u00e9rapie &#8211; Psychoth\u00e9rapie verbale &#8211; GATA &#8211; Supervision Conception de l&rsquo;accompagnement psychoth\u00e9rapeutique Au service d\u2019autrui et respectueuse de l\u2019individu dans sa dimension psychique, mon<\/p>\n","protected":false},"author":1,"featured_media":0,"parent":0,"menu_order":0,"comment_status":"closed","ping_status":"closed","template":"","meta":{"_monsterinsights_skip_tracking":false,"_monsterinsights_sitenote_active":false,"_monsterinsights_sitenote_note":"","_monsterinsights_sitenote_category":0,"footnotes":""},"class_list":["post-12","page","type-page","status-publish","hentry"],"_links":{"self":[{"href":"https:\/\/artpsycho.com\/index.php?rest_route=\/wp\/v2\/pages\/12","targetHints":{"allow":["GET"]}}],"collection":[{"href":"https:\/\/artpsycho.com\/index.php?rest_route=\/wp\/v2\/pages"}],"about":[{"href":"https:\/\/artpsycho.com\/index.php?rest_route=\/wp\/v2\/types\/page"}],"author":[{"embeddable":true,"href":"https:\/\/artpsycho.com\/index.php?rest_route=\/wp\/v2\/users\/1"}],"replies":[{"embeddable":true,"href":"https:\/\/artpsycho.com\/index.php?rest_route=%2Fwp%2Fv2%2Fcomments&post=12"}],"version-history":[{"count":23,"href":"https:\/\/artpsycho.com\/index.php?rest_route=\/wp\/v2\/pages\/12\/revisions"}],"predecessor-version":[{"id":478,"href":"https:\/\/artpsycho.com\/index.php?rest_route=\/wp\/v2\/pages\/12\/revisions\/478"}],"wp:attachment":[{"href":"https:\/\/artpsycho.com\/index.php?rest_route=%2Fwp%2Fv2%2Fmedia&parent=12"}],"curies":[{"name":"wp","href":"https:\/\/api.w.org\/{rel}","templated":true}]}}