{"id":29,"date":"2023-02-03T12:06:32","date_gmt":"2023-02-03T12:06:32","guid":{"rendered":"http:\/\/artpsycho.com\/?page_id=29"},"modified":"2025-11-03T12:32:13","modified_gmt":"2025-11-03T12:32:13","slug":"actualite","status":"publish","type":"page","link":"https:\/\/artpsycho.com\/?page_id=29","title":{"rendered":"Actualit\u00e9s et Infos"},"content":{"rendered":"\n<h2 class=\"wp-block-heading\">Journ\u00e9es d&rsquo;automne de la SFPE-AT les 24 et 25 octobre 2025<\/h2>\n\n\n\n<div class=\"wp-block-cover\"><img loading=\"lazy\" decoding=\"async\" width=\"1008\" height=\"726\" class=\"wp-block-cover__image-background wp-image-1117\" alt=\"\" src=\"https:\/\/artpsycho.com\/wp-content\/uploads\/2025\/11\/Capture-decran-2025-10-19-a-13.00.44.png\" data-object-fit=\"cover\" srcset=\"https:\/\/artpsycho.com\/wp-content\/uploads\/2025\/11\/Capture-decran-2025-10-19-a-13.00.44.png 1008w, https:\/\/artpsycho.com\/wp-content\/uploads\/2025\/11\/Capture-decran-2025-10-19-a-13.00.44-300x216.png 300w, https:\/\/artpsycho.com\/wp-content\/uploads\/2025\/11\/Capture-decran-2025-10-19-a-13.00.44-768x553.png 768w\" sizes=\"auto, (max-width: 1008px) 100vw, 1008px\" \/><span aria-hidden=\"true\" class=\"wp-block-cover__background has-background-dim\"><\/span><div class=\"wp-block-cover__inner-container is-layout-flow wp-block-cover-is-layout-flow\">\n<p><br><\/p>\n<\/div><\/div>\n\n\n\n<h2 class=\"wp-block-heading\">Journ\u00e9e d&rsquo;\u00e9tude samedi 11 octobre 2025 de l&rsquo;Association fran\u00e7aise de Musicoth\u00e9rapie<\/h2>\n\n\n\n<div class=\"wp-block-columns are-vertically-aligned-center is-layout-flex wp-container-core-columns-is-layout-9d6595d7 wp-block-columns-is-layout-flex\">\n<div class=\"wp-block-column is-vertically-aligned-center is-layout-flow wp-block-column-is-layout-flow\" style=\"flex-basis:100%\">\n<div class=\"wp-block-group is-vertical is-content-justification-stretch is-layout-flex wp-container-core-group-is-layout-b16ad781 wp-block-group-is-layout-flex\">\n<figure class=\"wp-block-embed is-type-video is-provider-youtube wp-block-embed-youtube wp-embed-aspect-16-9 wp-has-aspect-ratio\"><div class=\"wp-block-embed__wrapper\">\n<iframe loading=\"lazy\" title=\"AFM Journ\u00e9e d&#039;Etude 11 octobre 2025    PARTIE 1 : la matin\u00e9e\" width=\"640\" height=\"360\" src=\"https:\/\/www.youtube.com\/embed\/0nKTUdC3LZE?feature=oembed&#038;enablejsapi=1&#038;origin=https:\/\/artpsycho.com\" frameborder=\"0\" allow=\"accelerometer; autoplay; clipboard-write; encrypted-media; gyroscope; picture-in-picture; web-share\" referrerpolicy=\"strict-origin-when-cross-origin\" allowfullscreen><\/iframe>\n<\/div><\/figure>\n\n\n\n<div class=\"wp-block-cover has-custom-content-position is-position-top-center\"><img loading=\"lazy\" decoding=\"async\" width=\"768\" height=\"1024\" class=\"wp-block-cover__image-background wp-image-1107\" alt=\"\" src=\"https:\/\/artpsycho.com\/wp-content\/uploads\/2025\/09\/2C434508-1DB8-40F6-9195-C16BDA67A7D9-768x1024.jpeg\" style=\"object-position:62% 79%\" data-object-fit=\"cover\" data-object-position=\"62% 79%\" srcset=\"https:\/\/artpsycho.com\/wp-content\/uploads\/2025\/09\/2C434508-1DB8-40F6-9195-C16BDA67A7D9-768x1024.jpeg 768w, https:\/\/artpsycho.com\/wp-content\/uploads\/2025\/09\/2C434508-1DB8-40F6-9195-C16BDA67A7D9-225x300.jpeg 225w, https:\/\/artpsycho.com\/wp-content\/uploads\/2025\/09\/2C434508-1DB8-40F6-9195-C16BDA67A7D9-1152x1536.jpeg 1152w, https:\/\/artpsycho.com\/wp-content\/uploads\/2025\/09\/2C434508-1DB8-40F6-9195-C16BDA67A7D9.jpeg 1170w\" sizes=\"auto, (max-width: 768px) 100vw, 768px\" \/><span aria-hidden=\"true\" class=\"wp-block-cover__background has-background-dim\"><\/span><div class=\"wp-block-cover__inner-container is-layout-flow wp-block-cover-is-layout-flow\">\n<p><\/p>\n<\/div><\/div>\n<\/div>\n<\/div>\n<\/div>\n\n\n\n<h2 class=\"wp-block-heading\">Pr\u00e9sentation le 06 juin 2025 \u00e0 l&rsquo;UQAT de Montr\u00e9al, Qu\u00e9bec, de la conf\u00e9rence sur le th\u00e8me : \u00ab\u00a0Le groupe d\u2019art-the\u0301rapie en tant qu\u2019espace the\u0301rapeutique\u00a0\u00bb <\/h2>\n\n\n\n<figure class=\"wp-block-image size-large\"><img loading=\"lazy\" decoding=\"async\" width=\"768\" height=\"1024\" src=\"https:\/\/artpsycho.com\/wp-content\/uploads\/2025\/07\/Conference-768x1024.jpeg\" alt=\"\" class=\"wp-image-1091\" srcset=\"https:\/\/artpsycho.com\/wp-content\/uploads\/2025\/07\/Conference-768x1024.jpeg 768w, https:\/\/artpsycho.com\/wp-content\/uploads\/2025\/07\/Conference-225x300.jpeg 225w, https:\/\/artpsycho.com\/wp-content\/uploads\/2025\/07\/Conference-1152x1536.jpeg 1152w, https:\/\/artpsycho.com\/wp-content\/uploads\/2025\/07\/Conference-1536x2048.jpeg 1536w, https:\/\/artpsycho.com\/wp-content\/uploads\/2025\/07\/Conference-scaled.jpeg 1920w\" sizes=\"auto, (max-width: 768px) 100vw, 768px\" \/><\/figure>\n\n\n\n<h2 class=\"wp-block-heading\"><strong>Rendez-vous \u00e0 Montr\u00e9al entre le 06 et le 08 juin 2025 pour participer \u00e0 l&rsquo;\u00e9cole d&rsquo;\u00e9t\u00e9 sur la th\u00e8me du \u00ab\u00a0Groupe en Art-Th\u00e9rapie\u00a0\u00bb ci-dessous le lien pour les informations :<\/strong><\/h2>\n\n\n\n<p><a href=\"https:\/\/www.uqat.ca\/ecole-art-therapie\">https:\/\/www.uqat.ca\/ecole-art-therapie<\/a><\/p>\n\n\n\n<p><\/p>\n\n\n\n<p>Ci-joint le flyer de pr\u00e9sentation pour avoir un aper\u00e7u sur les contenus et les diff\u00e9rentes intervenantes et intervenants :<\/p>\n\n\n\n<div data-wp-interactive=\"core\/file\" class=\"wp-block-file\"><object data-wp-bind--hidden=\"!state.hasPdfPreview\" hidden class=\"wp-block-file__embed\" data=\"https:\/\/artpsycho.com\/wp-content\/uploads\/2025\/04\/2025-SOMMET-PROGRAMME-liste-Materiel-1-avril.pdf\" type=\"application\/pdf\" style=\"width:100%;height:600px\" aria-label=\"Contenu embarqu\u00e9 2025 SOMMET PROGRAMME + liste Materiel (1 avril).\"><\/object><a id=\"wp-block-file--media-249d0fe3-74db-4851-8422-da4c03223ed4\" href=\"https:\/\/artpsycho.com\/wp-content\/uploads\/2025\/04\/2025-SOMMET-PROGRAMME-liste-Materiel-1-avril.pdf\">2025 SOMMET PROGRAMME + liste Materiel (1 avril)<\/a><a href=\"https:\/\/artpsycho.com\/wp-content\/uploads\/2025\/04\/2025-SOMMET-PROGRAMME-liste-Materiel-1-avril.pdf\" class=\"wp-block-file__button wp-element-button\" download aria-describedby=\"wp-block-file--media-249d0fe3-74db-4851-8422-da4c03223ed4\">T\u00e9l\u00e9charger<\/a><\/div>\n\n\n\n<figure class=\"wp-block-image size-full\"><img loading=\"lazy\" decoding=\"async\" width=\"837\" height=\"624\" src=\"https:\/\/artpsycho.com\/wp-content\/uploads\/2024\/08\/Argument-colloque-ORIGINE-SFPE-AT-2024.png\" alt=\"\" class=\"wp-image-1009\" srcset=\"https:\/\/artpsycho.com\/wp-content\/uploads\/2024\/08\/Argument-colloque-ORIGINE-SFPE-AT-2024.png 837w, https:\/\/artpsycho.com\/wp-content\/uploads\/2024\/08\/Argument-colloque-ORIGINE-SFPE-AT-2024-300x224.png 300w, https:\/\/artpsycho.com\/wp-content\/uploads\/2024\/08\/Argument-colloque-ORIGINE-SFPE-AT-2024-768x573.png 768w\" sizes=\"auto, (max-width: 837px) 100vw, 837px\" \/><figcaption class=\"wp-element-caption\">Prochain Colloque SFPE-AT en 2024 pour f\u00eater son soixanti\u00e8me anniversaire sur le th\u00e8me de l'\u00a0\u00bbOrigine\u00a0\u00bb<\/figcaption><\/figure>\n\n\n\n<figure class=\"wp-block-image size-full\"><img loading=\"lazy\" decoding=\"async\" width=\"1796\" height=\"2560\" src=\"https:\/\/artpsycho.com\/wp-content\/uploads\/2024\/04\/IMG_9249-scaled.jpeg\" alt=\"\" class=\"wp-image-968\" srcset=\"https:\/\/artpsycho.com\/wp-content\/uploads\/2024\/04\/IMG_9249-scaled.jpeg 1796w, https:\/\/artpsycho.com\/wp-content\/uploads\/2024\/04\/IMG_9249-210x300.jpeg 210w, https:\/\/artpsycho.com\/wp-content\/uploads\/2024\/04\/IMG_9249-718x1024.jpeg 718w, https:\/\/artpsycho.com\/wp-content\/uploads\/2024\/04\/IMG_9249-768x1095.jpeg 768w, https:\/\/artpsycho.com\/wp-content\/uploads\/2024\/04\/IMG_9249-1077x1536.jpeg 1077w, https:\/\/artpsycho.com\/wp-content\/uploads\/2024\/04\/IMG_9249-1437x2048.jpeg 1437w\" sizes=\"auto, (max-width: 1796px) 100vw, 1796px\" \/><figcaption class=\"wp-element-caption\">Vient de para\u00eetre la belle revue de la SFPE-AT sur le th\u00e8me des fronti\u00e8res pour les journ\u00e9es d&rsquo;automne les 17 et 18 novembre 2023 dans les locaux de l&rsquo;Institut National de l&rsquo;Histoire de l&rsquo;Art, rue Vivienne, \u00e0 Paris. La revue peut \u00eatre command\u00e9e sur le site de la SFPEAT : <a href=\"https:\/\/www.sfpeat\">https:\/\/www.sfpeat<\/a><\/figcaption><\/figure>\n\n\n\n<figure class=\"wp-block-image size-large\"><img loading=\"lazy\" decoding=\"async\" width=\"718\" height=\"1024\" src=\"https:\/\/artpsycho.com\/wp-content\/uploads\/2024\/04\/IMG_9250-1-718x1024.jpeg\" alt=\"\" class=\"wp-image-971\" srcset=\"https:\/\/artpsycho.com\/wp-content\/uploads\/2024\/04\/IMG_9250-1-718x1024.jpeg 718w, https:\/\/artpsycho.com\/wp-content\/uploads\/2024\/04\/IMG_9250-1-210x300.jpeg 210w, https:\/\/artpsycho.com\/wp-content\/uploads\/2024\/04\/IMG_9250-1-768x1096.jpeg 768w, https:\/\/artpsycho.com\/wp-content\/uploads\/2024\/04\/IMG_9250-1-1076x1536.jpeg 1076w, https:\/\/artpsycho.com\/wp-content\/uploads\/2024\/04\/IMG_9250-1-1435x2048.jpeg 1435w, https:\/\/artpsycho.com\/wp-content\/uploads\/2024\/04\/IMG_9250-1-scaled.jpeg 1794w\" sizes=\"auto, (max-width: 718px) 100vw, 718px\" \/><\/figure>\n\n\n\n<p><\/p>\n\n\n\n<p>voici le lien ci-dessous pour le pdf de la Journ\u00e9e scientifique ALFEST du 28 juin 2023 \u00e0 propos de <strong>Trauma et Cr\u00e9ativit\u00e9<\/strong> au cours de laquelle j\u2019ai fait une communication sur l\u2019art-th\u00e9rapie et le traumatisme. Les interventions sont consultables en ligne sur le lien suivant :<\/p>\n\n\n\n<h2 class=\"wp-block-heading\"><a href=\"https:\/\/www.trauma-alfest.fr\/wp-content\/uploads\/2023\/09\/Journee_Scientifique_Alfest_28_juin_2023.pdf\">https:\/\/www.trauma-alfest.fr\/wp-content\/uploads\/2023\/09\/Journee_Scientifique_Alfest_28_juin_2023.pdf<\/a><\/h2>\n\n\n\n<p><\/p>\n\n\n\n<figure class=\"wp-block-gallery has-nested-images columns-default is-cropped wp-block-gallery-1 is-layout-flex wp-block-gallery-is-layout-flex\">\n<figure class=\"wp-block-image size-large\"><img loading=\"lazy\" decoding=\"async\" width=\"1024\" height=\"723\" data-id=\"921\" src=\"https:\/\/artpsycho.com\/wp-content\/uploads\/2023\/09\/Capture-decran-2023-09-17-a-15.20.36-1024x723.png\" alt=\"\" class=\"wp-image-921\" srcset=\"https:\/\/artpsycho.com\/wp-content\/uploads\/2023\/09\/Capture-decran-2023-09-17-a-15.20.36-1024x723.png 1024w, https:\/\/artpsycho.com\/wp-content\/uploads\/2023\/09\/Capture-decran-2023-09-17-a-15.20.36-300x212.png 300w, https:\/\/artpsycho.com\/wp-content\/uploads\/2023\/09\/Capture-decran-2023-09-17-a-15.20.36-768x543.png 768w, https:\/\/artpsycho.com\/wp-content\/uploads\/2023\/09\/Capture-decran-2023-09-17-a-15.20.36.png 1073w\" sizes=\"auto, (max-width: 1024px) 100vw, 1024px\" \/><\/figure>\n<\/figure>\n\n\n\n<p>Prochaines journ\u00e9es de la SFPE-AT novembre 2023. Je pr\u00e9senterai une communication sur l&rsquo;art et les exp\u00e9riences exceptionnelles \u00ab\u00a0anomales\u00a0\u00bb : <a href=\"https:\/\/www.sfpeat.com\/%E2%80%8BFrontieres-59-emes-Journees-d-automne-2023_a451.html\" title=\"\">https:\/\/www.sfpeat.com\/%E2%80%8BFrontieres-59-emes-Journees-d-automne-2023_a451.html<\/a><\/p>\n\n\n\n<p>A l&rsquo;occasion de la Journ\u00e9e de l\u2019Association ALFEST le 28 juin 2023 sur le th\u00e8me de la cr\u00e9ativit\u00e9 et du trauma, je pr\u00e9senterai une communication intitul\u00e9e : \u00a0\u00bb l&rsquo;Art-th\u00e9rapie et le trauma\u00a0\u00bb. Pour plus de renseignements, voir le lien ci-joint : <a href=\"http:\/\/www.alfest-trauma.com\/journee-scientifique-alfest-le-28-juin-2023-programme-et-inscription-en-ligne\/\" title=\"\">http:\/\/www.alfest-trauma.com\/journee-scientifique-alfest-le-28-juin-2023-programme-et-inscription-en-ligne\/<\/a><\/p>\n\n\n\n<p>Festival du Dessin : un \u00e9v\u00e8nement \u00e0 ne pas manquer du 22 avril au 14 mai! 1\u00e8re \u00e9dition \u00e0 Arles.<\/p>\n\n\n\n<p><a href=\"https:\/\/festivaldudessin.fr\/fr\/\" title=\"\">https:\/\/arles-contemporain.com\/festival-du-dessin\/<\/a><\/p>\n\n\n\n<p class=\"has-text-align-left has-medium-font-size\"><strong>Soins psychiques de l&rsquo;enfant : la surm\u00e9dication est un vrai probl\u00e8me! <\/strong><\/p>\n\n\n\n<p>Sont en effet prioritairement recommand\u00e9es&nbsp;plut\u00f4t qu&rsquo;une approche <em>uniquement<\/em> m\u00e9dicamenteuse :<\/p>\n\n\n\n<ul class=\"wp-block-list\">\n<li>Les pratiques psychoth\u00e9rapeutiques&nbsp;: psychanalyse, pratiques psychodynamiques et cliniques, th\u00e9rapies cognitives et comportementales, th\u00e9rapies familiales et groupales\u2026<\/li>\n\n\n\n<li>Les pratiques \u00e9ducatives,<\/li>\n\n\n\n<li>Les pratiques de pr\u00e9vention et d\u2019intervention sociale.<\/li>\n<\/ul>\n\n\n\n<p class=\"has-text-align-left has-small-font-size\"><a href=\"https:\/\/theconversation.com\/sante-mentale-et-soins-psychiques-de-lenfant-la-surmedication-depasse-toutes-les-bornes-scientifiques-201639?utm_medium=email&amp;utm_campaign=La%20lettre%20de%20The%20Conversation%20France%20du%2013%20mars%202023%20-%202569325832&amp;utm_content=La%20lettre%20de%20The%20Conversation%20France%20du%2013%20mars%202023%20-%202569325832+CID_bd8aa1731ffabaa281b533793c47993a&amp;utm_source=campaign_monitor_fr&amp;utm_term=analysent%20la%20surmdication%20exponentielle%20des%20petits%20Franais\">https:\/\/theconversation.com\/sante-mentale-et-soins-psychiques-de-lenfant-la-surmedication-depasse-toutes-les-bornes-scientifiques-201639?utm_medium=email&amp;utm_campaign=La%20lettre%20de%20The%20Conversation%20France%20du%2013%20mars%202023%20-%202569325832&amp;utm_content=La%20lettre%20de%20The%20Conversation%20France%20du%2013%20mars%202023%20-%202569325832+CID_bd8aa1731ffabaa281b533793c47993a&amp;utm_source=campaign_monitor_fr&amp;utm_term=analysent%20la%20surmdication%20exponentielle%20des%20petits%20Franais<\/a><\/p>\n\n\n\n<h2 class=\"wp-block-heading has-medium-font-size\">Je suis heureux de vous annoncer une nouvelle publication Franco-qu\u00e9b\u00e9coise aux Presses Universitaires du Qu\u00e9bec concernant le travail de groupe en Art-Th\u00e9rapie sous la direction de Lise Pelletier &amp; Jacinthe Lambert dans lequel j&rsquo;ai \u00e9crit le chapitre 10 \u00e0 propos du groupe en art-th\u00e9rapie en relation avec le concept d&rsquo;attention conjointe groupale. Cette publication devrait int\u00e9resser les coll\u00e8gues art-th\u00e9rapeutes et au-del\u00e0 toutes celles et tout ceux qui s\u2019int\u00e9ressent au groupe. <a href=\"https:\/\/www.puq.ca\/catalogue\/livres\/art-therapie-aupres-des-groupes-3994.html\">https:\/\/www.puq.ca\/catalogue\/livres\/art-therapie-aupres-des-groupes-3994.html<\/a><\/h2>\n\n\n\n<h2 class=\"wp-block-heading has-medium-font-size\">I am pleased to announce a new Franco-Canadian publication at the Presses Universitaires du Qu\u00e9bec concerning group work in Art therapy under the direction of Lise Pelletier &amp; Jacinthe Lambert.  I wrote the chapter 10 dedicated to collective painting in art therapy groups. This publication should be of interest to fellow art therapists and beyond, all those interested in the group. <a href=\"https:\/\/www.puq.ca\/catalogue\/livres\/art-therapie-aupres-des-groupes-3994.html\">https:\/\/www.puq.ca\/catalogue\/livres\/art-therapie-aupres-des-groupes-3994.html<\/a><\/h2>\n","protected":false},"excerpt":{"rendered":"<p>Journ\u00e9es d&rsquo;automne de la SFPE-AT les 24 et 25 octobre 2025 Journ\u00e9e d&rsquo;\u00e9tude samedi 11 octobre 2025 de l&rsquo;Association fran\u00e7aise de Musicoth\u00e9rapie Pr\u00e9sentation le 06 juin 2025 \u00e0 l&rsquo;UQAT de<\/p>\n","protected":false},"author":2,"featured_media":0,"parent":0,"menu_order":0,"comment_status":"open","ping_status":"closed","template":"","meta":{"_monsterinsights_skip_tracking":false,"_monsterinsights_sitenote_active":false,"_monsterinsights_sitenote_note":"","_monsterinsights_sitenote_category":0,"footnotes":""},"class_list":["post-29","page","type-page","status-publish","hentry"],"_links":{"self":[{"href":"https:\/\/artpsycho.com\/index.php?rest_route=\/wp\/v2\/pages\/29","targetHints":{"allow":["GET"]}}],"collection":[{"href":"https:\/\/artpsycho.com\/index.php?rest_route=\/wp\/v2\/pages"}],"about":[{"href":"https:\/\/artpsycho.com\/index.php?rest_route=\/wp\/v2\/types\/page"}],"author":[{"embeddable":true,"href":"https:\/\/artpsycho.com\/index.php?rest_route=\/wp\/v2\/users\/2"}],"replies":[{"embeddable":true,"href":"https:\/\/artpsycho.com\/index.php?rest_route=%2Fwp%2Fv2%2Fcomments&post=29"}],"version-history":[{"count":55,"href":"https:\/\/artpsycho.com\/index.php?rest_route=\/wp\/v2\/pages\/29\/revisions"}],"predecessor-version":[{"id":1127,"href":"https:\/\/artpsycho.com\/index.php?rest_route=\/wp\/v2\/pages\/29\/revisions\/1127"}],"wp:attachment":[{"href":"https:\/\/artpsycho.com\/index.php?rest_route=%2Fwp%2Fv2%2Fmedia&parent=29"}],"curies":[{"name":"wp","href":"https:\/\/api.w.org\/{rel}","templated":true}]}}